{"id":86901,"date":"2015-02-15T17:04:49","date_gmt":"2015-02-15T17:04:49","guid":{"rendered":"https:\/\/www.youreporter.it\/video_j-ax_instore_webtvstudios\/"},"modified":"2015-02-15T17:04:49","modified_gmt":"2015-02-15T17:04:49","slug":"video_j-ax_instore_webtvstudios","status":"publish","type":"video","link":"https:\/\/www.youreporter.it\/video\/video_j-ax_instore_webtvstudios\/","title":{"rendered":"J-AX INSTORE  ROMA  &#8221; Webtvstudios &#8221;  GALLERIA PORTA DI ROMA"},"content":{"rendered":"<p>J-AX INSTORE TOUR DI \u201cIL BELLO D\u2019ESSER BRUTTI\u201d Alessandro Aleotti, sicuramente meglio noto come J-Ax \u00e8 finalmente pronto a tornare sul palco. Dopo la parentesi televisiva \u00e8 quindi arrivato il momento di riaccendere il microfono per l\u2019artista milanese che sar\u00e0 impegnato a marzo in due concerti live assolutamente da non perdere.Con i biglietti gi\u00e0 disponibili da fine ottobre, J-Ax sar\u00e0 in concerto a partire da marzo 2015. L\u2019aveva promesso dopo la fine di The Voice of Italy 2 e ha decisamente mantenuto la parola. Annunciate le date, per\u00f2, J-Ax \u00e8 anche al lavoro sulla registrazione del suo nuovo album in studio. Sono infatti gi\u00e0 tre gli anni che ci separano da Meglio Prima(?), quarto album da solista dell\u2019ex leader degli Articolo 31 certificato Disco di Platino grazie alle oltre 60mila copie vendute nel nostro Paese.L\u2019album raggiunger\u00e0 il mercato il prossimo mese di gennaio e si tratter\u00e0 del suo primo album prodotto da indipendente pubblicato sotto l\u2019etichetta Newtopia, fondata lo scorso anno. Si tratta in realt\u00e0 della stessa etichetta che ha curato anche la produzione artistica dell\u2019album Pop-Hoolista di Fedez.J-Ax \u00e8 carico: \u00abOk, si comincia. Motore acceso. Adesso non ci si ferma neanche volendo. Ci vediamo l\u00e0\u00bb. Acquista ora i biglietti per i concerti di marzo e aprile 2015. Nel frattempo, seguici sui nostri canali social, Facebook e Twitter per restare sempre aggiornato sulle ultime novit\u00e0 sugli eventi dei migliori artisti italiani e internazionali in Italia. \u2014 presso Centro Commerciale PORTADIROMA. https:\/\/www.facebook.com\/webtvstudios?ref=hl<\/p>\n","protected":false},"author":4642,"featured_media":0,"comment_status":"closed","ping_status":"closed","template":"","categories":[8282],"tags":[],"geo":[2254],"class_list":{"0":"post-86901","1":"video","2":"type-video","3":"status-publish","5":"category-arte-e-cultura","6":"geo-roma"},"acf":[],"_links":{"self":[{"href":"https:\/\/www.youreporter.it\/api\/wp\/v2\/video\/86901"}],"collection":[{"href":"https:\/\/www.youreporter.it\/api\/wp\/v2\/video"}],"about":[{"href":"https:\/\/www.youreporter.it\/api\/wp\/v2\/types\/video"}],"author":[{"embeddable":true,"href":"https:\/\/www.youreporter.it\/api\/wp\/v2\/users\/4642"}],"replies":[{"embeddable":true,"href":"https:\/\/www.youreporter.it\/api\/wp\/v2\/comments?post=86901"}],"version-history":[{"count":0,"href":"https:\/\/www.youreporter.it\/api\/wp\/v2\/video\/86901\/revisions"}],"wp:attachment":[{"href":"https:\/\/www.youreporter.it\/api\/wp\/v2\/media?parent=86901"}],"wp:term":[{"taxonomy":"category","embeddable":true,"href":"https:\/\/www.youreporter.it\/api\/wp\/v2\/categories?post=86901"},{"taxonomy":"post_tag","embeddable":true,"href":"https:\/\/www.youreporter.it\/api\/wp\/v2\/tags?post=86901"},{"taxonomy":"geo","embeddable":true,"href":"https:\/\/www.youreporter.it\/api\/wp\/v2\/geo?post=86901"}],"curies":[{"name":"wp","href":"https:\/\/api.w.org\/{rel}","templated":true}]}}